{"id":476,"date":"2020-04-08T09:27:03","date_gmt":"2020-04-08T09:27:03","guid":{"rendered":"https:\/\/cfl401chascomus.com.ar\/index.php\/all-courses\/"},"modified":"2026-04-13T10:21:05","modified_gmt":"2026-04-13T13:21:05","slug":"all-courses","status":"publish","type":"page","link":"https:\/\/cfl401chascomus.com.ar\/index.php\/all-courses\/","title":{"rendered":"Cursos"},"content":{"rendered":"\t\t<div data-elementor-type=\"wp-page\" data-elementor-id=\"476\" class=\"elementor elementor-476\">\n\t\t\t\t\t\t<section class=\"elementor-section elementor-top-section elementor-element elementor-element-79dde01 elementor-section-boxed elementor-section-height-default elementor-section-height-default\" data-id=\"79dde01\" data-element_type=\"section\" data-e-type=\"section\" data-settings=\"{&quot;background_background&quot;:&quot;classic&quot;}\">\n\t\t\t\t\t\t\t<div class=\"elementor-background-overlay\"><\/div>\n\t\t\t\t\t\t\t<div class=\"elementor-container elementor-column-gap-no\">\n\t\t\t\t\t<div class=\"elementor-column elementor-col-100 elementor-top-column elementor-element elementor-element-80293b9\" data-id=\"80293b9\" data-element_type=\"column\" data-e-type=\"column\">\n\t\t\t<div class=\"elementor-widget-wrap elementor-element-populated\">\n\t\t\t\t\t\t<div class=\"elementor-element elementor-element-de8583b elementor-widget elementor-widget-heading\" data-id=\"de8583b\" data-element_type=\"widget\" data-e-type=\"widget\" data-widget_type=\"heading.default\">\n\t\t\t\t<div class=\"elementor-widget-container\">\n\t\t\t\t\t<h2 class=\"elementor-heading-title elementor-size-default\">Nuestros Cursos<\/h2>\t\t\t\t<\/div>\n\t\t\t\t<\/div>\n\t\t\t\t<div class=\"elementor-element elementor-element-b6c15a5 elementor-widget elementor-widget-text-editor\" data-id=\"b6c15a5\" data-element_type=\"widget\" data-e-type=\"widget\" data-widget_type=\"text-editor.default\">\n\t\t\t\t<div class=\"elementor-widget-container\">\n\t\t\t\t\t\t\t\t\t<p>Listados de nuestros cursos<\/p>\t\t\t\t\t\t\t\t<\/div>\n\t\t\t\t<\/div>\n\t\t\t\t\t<\/div>\n\t\t<\/div>\n\t\t\t\t\t<\/div>\n\t\t<\/section>\n\t\t\t\t<section class=\"elementor-section elementor-top-section elementor-element elementor-element-9c06952 elementor-section-content-middle elementor-section-boxed elementor-section-height-default elementor-section-height-default\" data-id=\"9c06952\" data-element_type=\"section\" data-e-type=\"section\">\n\t\t\t\t\t\t<div class=\"elementor-container elementor-column-gap-no\">\n\t\t\t\t\t<div class=\"elementor-column elementor-col-33 elementor-top-column elementor-element elementor-element-85b149e\" data-id=\"85b149e\" data-element_type=\"column\" data-e-type=\"column\">\n\t\t\t<div class=\"elementor-widget-wrap elementor-element-populated\">\n\t\t\t\t\t\t<div class=\"elementor-element elementor-element-f1cecd6 elementor-widget elementor-widget-heading\" data-id=\"f1cecd6\" data-element_type=\"widget\" data-e-type=\"widget\" data-widget_type=\"heading.default\">\n\t\t\t\t<div class=\"elementor-widget-container\">\n\t\t\t\t\t<h2 class=\"elementor-heading-title elementor-size-default\">Cursos 2026\n<\/h2>\t\t\t\t<\/div>\n\t\t\t\t<\/div>\n\t\t\t\t\t<\/div>\n\t\t<\/div>\n\t\t\t\t<div class=\"elementor-column elementor-col-66 elementor-top-column elementor-element elementor-element-39c4fce\" data-id=\"39c4fce\" data-element_type=\"column\" data-e-type=\"column\">\n\t\t\t<div class=\"elementor-widget-wrap elementor-element-populated\">\n\t\t\t\t\t\t<div class=\"elementor-element elementor-element-dba6bdb elementor-widget elementor-widget-text-editor\" data-id=\"dba6bdb\" data-element_type=\"widget\" data-e-type=\"widget\" data-widget_type=\"text-editor.default\">\n\t\t\t\t<div class=\"elementor-widget-container\">\n\t\t\t\t\t\t\t\t\t<p>La pre-inscripci\u00f3n a los cursos.\u00a0<\/p><p>Se habilitar\u00e1 30 d\u00edas antes del inicio del mismo.<\/p><p>Hac\u00e9 Click en el o los cursos que te interesan y pre-inscribite.<\/p>\t\t\t\t\t\t\t\t<\/div>\n\t\t\t\t<\/div>\n\t\t\t\t\t<\/div>\n\t\t<\/div>\n\t\t\t\t\t<\/div>\n\t\t<\/section>\n\t\t\t\t<section class=\"elementor-section elementor-top-section elementor-element elementor-element-c52c8fc elementor-section-boxed elementor-section-height-default elementor-section-height-default\" data-id=\"c52c8fc\" data-element_type=\"section\" data-e-type=\"section\">\n\t\t\t\t\t\t<div class=\"elementor-container elementor-column-gap-default\">\n\t\t\t\t\t<div class=\"elementor-column elementor-col-100 elementor-top-column elementor-element elementor-element-1f9db83\" data-id=\"1f9db83\" data-element_type=\"column\" data-e-type=\"column\">\n\t\t\t<div class=\"elementor-widget-wrap elementor-element-populated\">\n\t\t\t\t\t\t\t<\/div>\n\t\t<\/div>\n\t\t\t\t\t<\/div>\n\t\t<\/section>\n\t\t\t\t<section class=\"elementor-section elementor-top-section elementor-element elementor-element-4325a3c elementor-section-boxed elementor-section-height-default elementor-section-height-default\" data-id=\"4325a3c\" data-element_type=\"section\" data-e-type=\"section\">\n\t\t\t\t\t\t<div class=\"elementor-container elementor-column-gap-default\">\n\t\t\t\t\t<div class=\"elementor-column elementor-col-100 elementor-top-column elementor-element elementor-element-953d687\" data-id=\"953d687\" data-element_type=\"column\" data-e-type=\"column\">\n\t\t\t<div class=\"elementor-widget-wrap elementor-element-populated\">\n\t\t\t\t\t\t<div class=\"elementor-element elementor-element-0284cb8 elementor-invisible elementor-widget elementor-widget-toggle\" data-id=\"0284cb8\" data-element_type=\"widget\" data-e-type=\"widget\" data-settings=\"{&quot;_animation&quot;:&quot;fadeIn&quot;}\" data-widget_type=\"toggle.default\">\n\t\t\t\t<div class=\"elementor-widget-container\">\n\t\t\t\t\t\t\t<div class=\"elementor-toggle\">\n\t\t\t\t\t\t\t<div class=\"elementor-toggle-item\">\n\t\t\t\t\t<div id=\"elementor-tab-title-2641\" class=\"elementor-tab-title\" data-tab=\"1\" role=\"button\" aria-controls=\"elementor-tab-content-2641\" aria-expanded=\"false\">\n\t\t\t\t\t\t\t\t\t\t\t\t<span class=\"elementor-toggle-icon elementor-toggle-icon-left\" aria-hidden=\"true\">\n\t\t\t\t\t\t\t\t\t\t\t\t\t\t\t<span class=\"elementor-toggle-icon-closed\"><i class=\"fas fa-caret-right\"><\/i><\/span>\n\t\t\t\t\t\t\t\t<span class=\"elementor-toggle-icon-opened\"><i class=\"elementor-toggle-icon-opened fas fa-caret-up\"><\/i><\/span>\n\t\t\t\t\t\t\t\t\t\t\t\t\t<\/span>\n\t\t\t\t\t\t\t\t\t\t\t\t<a class=\"elementor-toggle-title\" tabindex=\"0\">Organizaci\u00f3n De Eventos <\/a>\n\t\t\t\t\t<\/div>\n\n\t\t\t\t\t<div id=\"elementor-tab-content-2641\" class=\"elementor-tab-content elementor-clearfix\" data-tab=\"1\" role=\"region\" aria-labelledby=\"elementor-tab-title-2641\"><p><span style=\"color: #333333;\">En el curso se brindaran las herramientas para planificar y gestionar con \u00e9xito todo tipo de actos, ya sean de naturaleza institucional, social o empresarial. Se desarrolla de manera integral el perfil de un organizador y las distintas coordinaciones que integran la organizaci\u00f3n general un evento ya que la metodolog\u00eda ser\u00e1 activa y participativa. Todas las explicaciones se acompa\u00f1ar\u00e1n de casos pr\u00e1cticos y trabajos en grupo.<\/span><\/p><p><img decoding=\"async\" class=\"alignnone wp-image-1500 size-medium\" src=\"https:\/\/cfl401chascomus.com.ar\/wp-content\/uploads\/2023\/03\/pre-inscripcionCOMPLETO-removebg-preview-300x89.png\" alt=\"\" width=\"300\" height=\"89\" srcset=\"https:\/\/cfl401chascomus.com.ar\/wp-content\/uploads\/2023\/03\/pre-inscripcionCOMPLETO-removebg-preview-300x89.png 300w, https:\/\/cfl401chascomus.com.ar\/wp-content\/uploads\/2023\/03\/pre-inscripcionCOMPLETO-removebg-preview.png 677w\" sizes=\"(max-width: 300px) 100vw, 300px\" \/><\/p><p>Inicia en Marzo 2026 y Finaliza en\u00a0Junio 2026<\/p><\/div>\n\t\t\t\t<\/div>\n\t\t\t\t\t\t\t<div class=\"elementor-toggle-item\">\n\t\t\t\t\t<div id=\"elementor-tab-title-2642\" class=\"elementor-tab-title\" data-tab=\"2\" role=\"button\" aria-controls=\"elementor-tab-content-2642\" aria-expanded=\"false\">\n\t\t\t\t\t\t\t\t\t\t\t\t<span class=\"elementor-toggle-icon elementor-toggle-icon-left\" aria-hidden=\"true\">\n\t\t\t\t\t\t\t\t\t\t\t\t\t\t\t<span class=\"elementor-toggle-icon-closed\"><i class=\"fas fa-caret-right\"><\/i><\/span>\n\t\t\t\t\t\t\t\t<span class=\"elementor-toggle-icon-opened\"><i class=\"elementor-toggle-icon-opened fas fa-caret-up\"><\/i><\/span>\n\t\t\t\t\t\t\t\t\t\t\t\t\t<\/span>\n\t\t\t\t\t\t\t\t\t\t\t\t<a class=\"elementor-toggle-title\" tabindex=\"0\">Cocinero\/a para Comedor Escolar<\/a>\n\t\t\t\t\t<\/div>\n\n\t\t\t\t\t<div id=\"elementor-tab-content-2642\" class=\"elementor-tab-content elementor-clearfix\" data-tab=\"2\" role=\"region\" aria-labelledby=\"elementor-tab-title-2642\"><p><span style=\"color: #333333;\">Desempe\u00f1arse como Auxiliar Cocinero en los establecimientos educativos. Determinar la cantidad y calidad de la materia prima e insumos necesarios para desarrollar en base a una producci\u00f3n determinada.<\/span><\/p><p><span style=\"color: #333333;\">Organiza los men\u00faes para los comedores escolares. &#8211; Confecciona recetas y elabora alimentos. &#8211; Colabora en la atenci\u00f3n de los ni\u00f1os en el comedor escolar. &#8211; Eval\u00faa necesidades y presupuesta materiales.<\/span><\/p><p><img decoding=\"async\" class=\"alignnone wp-image-1500 size-medium\" src=\"https:\/\/cfl401chascomus.com.ar\/wp-content\/uploads\/2023\/03\/pre-inscripcionCOMPLETO-removebg-preview-300x89.png\" alt=\"\" width=\"300\" height=\"89\" srcset=\"https:\/\/cfl401chascomus.com.ar\/wp-content\/uploads\/2023\/03\/pre-inscripcionCOMPLETO-removebg-preview-300x89.png 300w, https:\/\/cfl401chascomus.com.ar\/wp-content\/uploads\/2023\/03\/pre-inscripcionCOMPLETO-removebg-preview.png 677w\" sizes=\"(max-width: 300px) 100vw, 300px\" \/><\/p><p>Inicia en Marzo 2026 y Finaliza en\u00a0Junio 2026<\/p><\/div>\n\t\t\t\t<\/div>\n\t\t\t\t\t\t\t<div class=\"elementor-toggle-item\">\n\t\t\t\t\t<div id=\"elementor-tab-title-2643\" class=\"elementor-tab-title\" data-tab=\"3\" role=\"button\" aria-controls=\"elementor-tab-content-2643\" aria-expanded=\"false\">\n\t\t\t\t\t\t\t\t\t\t\t\t<span class=\"elementor-toggle-icon elementor-toggle-icon-left\" aria-hidden=\"true\">\n\t\t\t\t\t\t\t\t\t\t\t\t\t\t\t<span class=\"elementor-toggle-icon-closed\"><i class=\"fas fa-caret-right\"><\/i><\/span>\n\t\t\t\t\t\t\t\t<span class=\"elementor-toggle-icon-opened\"><i class=\"elementor-toggle-icon-opened fas fa-caret-up\"><\/i><\/span>\n\t\t\t\t\t\t\t\t\t\t\t\t\t<\/span>\n\t\t\t\t\t\t\t\t\t\t\t\t<a class=\"elementor-toggle-title\" tabindex=\"0\">Operadora\/or de carpinter\u00eda y fabricaci\u00f3n de mobiliario <\/a>\n\t\t\t\t\t<\/div>\n\n\t\t\t\t\t<div id=\"elementor-tab-content-2643\" class=\"elementor-tab-content elementor-clearfix\" data-tab=\"3\" role=\"region\" aria-labelledby=\"elementor-tab-title-2643\"><p><span style=\"color: #333333;\">T\u00e9cnicas b\u00e1sicas y avanzadas de la carpinter\u00eda, desde el manejo de herramientas hasta la creaci\u00f3n de muebles y objetos funcionales de madera. Este curso cubre tanto el trabajo artesanal como el uso de maquinaria especializada.<\/span><\/p><p><img decoding=\"async\" class=\"alignnone wp-image-1500 size-medium\" src=\"https:\/\/cfl401chascomus.com.ar\/wp-content\/uploads\/2023\/03\/pre-inscripcionCOMPLETO-removebg-preview-300x89.png\" alt=\"\" width=\"300\" height=\"89\" srcset=\"https:\/\/cfl401chascomus.com.ar\/wp-content\/uploads\/2023\/03\/pre-inscripcionCOMPLETO-removebg-preview-300x89.png 300w, https:\/\/cfl401chascomus.com.ar\/wp-content\/uploads\/2023\/03\/pre-inscripcionCOMPLETO-removebg-preview.png 677w\" sizes=\"(max-width: 300px) 100vw, 300px\" \/><\/p><p>Inicia en Marzo 2026 y Finaliza en Septiembre 2026<\/p><\/div>\n\t\t\t\t<\/div>\n\t\t\t\t\t\t\t<div class=\"elementor-toggle-item\">\n\t\t\t\t\t<div id=\"elementor-tab-title-2644\" class=\"elementor-tab-title\" data-tab=\"4\" role=\"button\" aria-controls=\"elementor-tab-content-2644\" aria-expanded=\"false\">\n\t\t\t\t\t\t\t\t\t\t\t\t<span class=\"elementor-toggle-icon elementor-toggle-icon-left\" aria-hidden=\"true\">\n\t\t\t\t\t\t\t\t\t\t\t\t\t\t\t<span class=\"elementor-toggle-icon-closed\"><i class=\"fas fa-caret-right\"><\/i><\/span>\n\t\t\t\t\t\t\t\t<span class=\"elementor-toggle-icon-opened\"><i class=\"elementor-toggle-icon-opened fas fa-caret-up\"><\/i><\/span>\n\t\t\t\t\t\t\t\t\t\t\t\t\t<\/span>\n\t\t\t\t\t\t\t\t\t\t\t\t<a class=\"elementor-toggle-title\" tabindex=\"0\">Patronista y confeccionista de ropa de bebe <\/a>\n\t\t\t\t\t<\/div>\n\n\t\t\t\t\t<div id=\"elementor-tab-content-2644\" class=\"elementor-tab-content elementor-clearfix\" data-tab=\"4\" role=\"region\" aria-labelledby=\"elementor-tab-title-2644\"><p style=\"text-align: justify;\"><span style=\"color: #333333;\">Este curso capacita para conocer y aplicar normas de dibujo t\u00e9cnico, interpretar croquis y patrones, medir, trazar y confeccionar moldes. Incluye reconocimiento y selecci\u00f3n cr\u00edtica de telas, compra de materiales, corte y costura de prendas, preparaci\u00f3n de m\u00e1quinas y bordado. Ense\u00f1a normas de seguridad en el uso de m\u00e1quinas y herramientas, su mantenimiento, y el conocimiento de la legislaci\u00f3n laboral para trabajo aut\u00f3nomo o en relaci\u00f3n de dependencia.<\/span><\/p><p><a href=\"https:\/\/cfl401chascomus.com.ar\/acfl\/login.php\"><img decoding=\"async\" class=\"alignnone wp-image-2720 size-medium\" src=\"https:\/\/cfl401chascomus.com.ar\/wp-content\/uploads\/2026\/02\/INGRESO_AL_SISTEMA_PARA_PREINSCRIBIRTE-removebg-preview-300x88.png\" alt=\"\" width=\"300\" height=\"88\" srcset=\"https:\/\/cfl401chascomus.com.ar\/wp-content\/uploads\/2026\/02\/INGRESO_AL_SISTEMA_PARA_PREINSCRIBIRTE-removebg-preview-300x88.png 300w, https:\/\/cfl401chascomus.com.ar\/wp-content\/uploads\/2026\/02\/INGRESO_AL_SISTEMA_PARA_PREINSCRIBIRTE-removebg-preview.png 510w\" sizes=\"(max-width: 300px) 100vw, 300px\" \/><\/a><\/p><p>Inicia en Marzo 2026 y Finaliza en Julio 2026<\/p><\/div>\n\t\t\t\t<\/div>\n\t\t\t\t\t\t\t<div class=\"elementor-toggle-item\">\n\t\t\t\t\t<div id=\"elementor-tab-title-2645\" class=\"elementor-tab-title\" data-tab=\"5\" role=\"button\" aria-controls=\"elementor-tab-content-2645\" aria-expanded=\"false\">\n\t\t\t\t\t\t\t\t\t\t\t\t<span class=\"elementor-toggle-icon elementor-toggle-icon-left\" aria-hidden=\"true\">\n\t\t\t\t\t\t\t\t\t\t\t\t\t\t\t<span class=\"elementor-toggle-icon-closed\"><i class=\"fas fa-caret-right\"><\/i><\/span>\n\t\t\t\t\t\t\t\t<span class=\"elementor-toggle-icon-opened\"><i class=\"elementor-toggle-icon-opened fas fa-caret-up\"><\/i><\/span>\n\t\t\t\t\t\t\t\t\t\t\t\t\t<\/span>\n\t\t\t\t\t\t\t\t\t\t\t\t<a class=\"elementor-toggle-title\" tabindex=\"0\">Coordinador\/a tur\u00edstico\/a <\/a>\n\t\t\t\t\t<\/div>\n\n\t\t\t\t\t<div id=\"elementor-tab-content-2645\" class=\"elementor-tab-content elementor-clearfix\" data-tab=\"5\" role=\"region\" aria-labelledby=\"elementor-tab-title-2645\"><p style=\"text-align: justify;\"><span style=\"color: #333333;\">Estar\u00e1s capacitado\/a para guiar, coordinar, acompa\u00f1ar y asistir al turista tanto de modo individual como grupal, procurando el mayor bienestar, seguridad y uso eficiente de su tiempo tanto en la estad\u00eda como en el traslado.<\/span><\/p><p><a href=\"https:\/\/cfl401chascomus.com.ar\/acfl\/login.php\"><img decoding=\"async\" class=\"alignnone wp-image-2720 size-medium\" src=\"https:\/\/cfl401chascomus.com.ar\/wp-content\/uploads\/2026\/02\/INGRESO_AL_SISTEMA_PARA_PREINSCRIBIRTE-removebg-preview-300x88.png\" alt=\"\" width=\"300\" height=\"88\" srcset=\"https:\/\/cfl401chascomus.com.ar\/wp-content\/uploads\/2026\/02\/INGRESO_AL_SISTEMA_PARA_PREINSCRIBIRTE-removebg-preview-300x88.png 300w, https:\/\/cfl401chascomus.com.ar\/wp-content\/uploads\/2026\/02\/INGRESO_AL_SISTEMA_PARA_PREINSCRIBIRTE-removebg-preview.png 510w\" sizes=\"(max-width: 300px) 100vw, 300px\" \/><\/a><\/p><p>Inicia en Marzo 2026 y Finaliza en Agosto 2026<\/p><\/div>\n\t\t\t\t<\/div>\n\t\t\t\t\t\t\t<div class=\"elementor-toggle-item\">\n\t\t\t\t\t<div id=\"elementor-tab-title-2646\" class=\"elementor-tab-title\" data-tab=\"6\" role=\"button\" aria-controls=\"elementor-tab-content-2646\" aria-expanded=\"false\">\n\t\t\t\t\t\t\t\t\t\t\t\t<span class=\"elementor-toggle-icon elementor-toggle-icon-left\" aria-hidden=\"true\">\n\t\t\t\t\t\t\t\t\t\t\t\t\t\t\t<span class=\"elementor-toggle-icon-closed\"><i class=\"fas fa-caret-right\"><\/i><\/span>\n\t\t\t\t\t\t\t\t<span class=\"elementor-toggle-icon-opened\"><i class=\"elementor-toggle-icon-opened fas fa-caret-up\"><\/i><\/span>\n\t\t\t\t\t\t\t\t\t\t\t\t\t<\/span>\n\t\t\t\t\t\t\t\t\t\t\t\t<a class=\"elementor-toggle-title\" tabindex=\"0\">Montador\/a electricista domiciliario\/a <\/a>\n\t\t\t\t\t<\/div>\n\n\t\t\t\t\t<div id=\"elementor-tab-content-2646\" class=\"elementor-tab-content elementor-clearfix\" data-tab=\"6\" role=\"region\" aria-labelledby=\"elementor-tab-title-2646\"><p><span style=\"color: #333333;\">Con este <em>curso<\/em> estar\u00e1s capacitado para prestar servicios profesionales de instalaciones el\u00e9ctricas en inmuebles de locales destinados a vivienda, actividades comerciales y\/o administrativas. Est\u00e1 en condiciones de tender ca\u00f1er\u00edas y elementos, cablear la instalaci\u00f3n, montar conductores, montar y conectar componentes y artefactos el\u00e9ctricos, montar los tableros principales y secundarios, montar el sistema de toma de tierra, controlar conexiones y medir indicadores de funcionamiento de una instalaci\u00f3n el\u00e9ctrica realizada para los tipos de locales mencionados; aplicando en todos los casos las pautas de seguridad e higiene vigentes. Acreditando la aprobaci\u00f3n puede cursar el trayecto Electricista en Inmuebles.<\/span><\/p><p><img decoding=\"async\" class=\"alignnone wp-image-1500 size-medium\" src=\"https:\/\/cfl401chascomus.com.ar\/wp-content\/uploads\/2023\/03\/pre-inscripcionCOMPLETO-removebg-preview-300x89.png\" alt=\"\" width=\"300\" height=\"89\" srcset=\"https:\/\/cfl401chascomus.com.ar\/wp-content\/uploads\/2023\/03\/pre-inscripcionCOMPLETO-removebg-preview-300x89.png 300w, https:\/\/cfl401chascomus.com.ar\/wp-content\/uploads\/2023\/03\/pre-inscripcionCOMPLETO-removebg-preview.png 677w\" sizes=\"(max-width: 300px) 100vw, 300px\" \/><\/p><p>Inicia en Marzo 2026 y Finaliza en Diciembre 2026<\/p><\/div>\n\t\t\t\t<\/div>\n\t\t\t\t\t\t\t<div class=\"elementor-toggle-item\">\n\t\t\t\t\t<div id=\"elementor-tab-title-2647\" class=\"elementor-tab-title\" data-tab=\"7\" role=\"button\" aria-controls=\"elementor-tab-content-2647\" aria-expanded=\"false\">\n\t\t\t\t\t\t\t\t\t\t\t\t<span class=\"elementor-toggle-icon elementor-toggle-icon-left\" aria-hidden=\"true\">\n\t\t\t\t\t\t\t\t\t\t\t\t\t\t\t<span class=\"elementor-toggle-icon-closed\"><i class=\"fas fa-caret-right\"><\/i><\/span>\n\t\t\t\t\t\t\t\t<span class=\"elementor-toggle-icon-opened\"><i class=\"elementor-toggle-icon-opened fas fa-caret-up\"><\/i><\/span>\n\t\t\t\t\t\t\t\t\t\t\t\t\t<\/span>\n\t\t\t\t\t\t\t\t\t\t\t\t<a class=\"elementor-toggle-title\" tabindex=\"0\">Apicultor\/a <\/a>\n\t\t\t\t\t<\/div>\n\n\t\t\t\t\t<div id=\"elementor-tab-content-2647\" class=\"elementor-tab-content elementor-clearfix\" data-tab=\"7\" role=\"region\" aria-labelledby=\"elementor-tab-title-2647\"><p style=\"text-align: justify;\"><span style=\"color: #333333;\">En este curso te capacitaras en el manejo integral de colmenas, producci\u00f3n de miel, cera, prop\u00f3leo y polinizaci\u00f3n. Manejo de apiario, profilaxis (sanidad), producci\u00f3n de jalea real, prop\u00f3leo y cera.<\/span><\/p><p><img decoding=\"async\" class=\"alignnone wp-image-1500 size-medium\" src=\"https:\/\/cfl401chascomus.com.ar\/wp-content\/uploads\/2023\/03\/pre-inscripcionCOMPLETO-removebg-preview-300x89.png\" alt=\"\" width=\"300\" height=\"89\" srcset=\"https:\/\/cfl401chascomus.com.ar\/wp-content\/uploads\/2023\/03\/pre-inscripcionCOMPLETO-removebg-preview-300x89.png 300w, https:\/\/cfl401chascomus.com.ar\/wp-content\/uploads\/2023\/03\/pre-inscripcionCOMPLETO-removebg-preview.png 677w\" sizes=\"(max-width: 300px) 100vw, 300px\" \/><\/p><p>Inicia en Marzo 2026 y Finaliza en Diciembre 2026<\/p><\/div>\n\t\t\t\t<\/div>\n\t\t\t\t\t\t\t<div class=\"elementor-toggle-item\">\n\t\t\t\t\t<div id=\"elementor-tab-title-2648\" class=\"elementor-tab-title\" data-tab=\"8\" role=\"button\" aria-controls=\"elementor-tab-content-2648\" aria-expanded=\"false\">\n\t\t\t\t\t\t\t\t\t\t\t\t<span class=\"elementor-toggle-icon elementor-toggle-icon-left\" aria-hidden=\"true\">\n\t\t\t\t\t\t\t\t\t\t\t\t\t\t\t<span class=\"elementor-toggle-icon-closed\"><i class=\"fas fa-caret-right\"><\/i><\/span>\n\t\t\t\t\t\t\t\t<span class=\"elementor-toggle-icon-opened\"><i class=\"elementor-toggle-icon-opened fas fa-caret-up\"><\/i><\/span>\n\t\t\t\t\t\t\t\t\t\t\t\t\t<\/span>\n\t\t\t\t\t\t\t\t\t\t\t\t<a class=\"elementor-toggle-title\" tabindex=\"0\">Petisero\/a <\/a>\n\t\t\t\t\t<\/div>\n\n\t\t\t\t\t<div id=\"elementor-tab-content-2648\" class=\"elementor-tab-content elementor-clearfix\" data-tab=\"8\" role=\"region\" aria-labelledby=\"elementor-tab-title-2648\"><p style=\"text-align: justify;\"><span style=\"color: #333333;\">Este curso\u00a0capacita para el cuidado integral de caballos, enfocado en equinos de polo, incluyendo manejo, alimentaci\u00f3n, vendaje, colocaci\u00f3n de herrajes y monturas. Es una formaci\u00f3n pr\u00e1ctica con r\u00e1pida salida laboral, ense\u00f1ando el cuidado diario del animal.<span class=\"uJ19be notranslate\" data-wiz-uids=\"AqrxAf_i,AqrxAf_j\" data-processed=\"true\"><span class=\"vKEkVd\" data-animation-atomic=\"\" data-wiz-attrbind=\"class=AqrxAf_h\/TKHnVd\" data-processed=\"true\"><span aria-hidden=\"true\" data-processed=\"true\">\u00a0<\/span><\/span><\/span><\/span><\/p><p><img decoding=\"async\" class=\"alignnone wp-image-1500 size-medium\" src=\"https:\/\/cfl401chascomus.com.ar\/wp-content\/uploads\/2023\/03\/pre-inscripcionCOMPLETO-removebg-preview-300x89.png\" alt=\"\" width=\"300\" height=\"89\" srcset=\"https:\/\/cfl401chascomus.com.ar\/wp-content\/uploads\/2023\/03\/pre-inscripcionCOMPLETO-removebg-preview-300x89.png 300w, https:\/\/cfl401chascomus.com.ar\/wp-content\/uploads\/2023\/03\/pre-inscripcionCOMPLETO-removebg-preview.png 677w\" sizes=\"(max-width: 300px) 100vw, 300px\" \/><\/p><p>Inicia en Marzo 2026 y Finaliza en Diciembre 2026<\/p><\/div>\n\t\t\t\t<\/div>\n\t\t\t\t\t\t\t<div class=\"elementor-toggle-item\">\n\t\t\t\t\t<div id=\"elementor-tab-title-2649\" class=\"elementor-tab-title\" data-tab=\"9\" role=\"button\" aria-controls=\"elementor-tab-content-2649\" aria-expanded=\"false\">\n\t\t\t\t\t\t\t\t\t\t\t\t<span class=\"elementor-toggle-icon elementor-toggle-icon-left\" aria-hidden=\"true\">\n\t\t\t\t\t\t\t\t\t\t\t\t\t\t\t<span class=\"elementor-toggle-icon-closed\"><i class=\"fas fa-caret-right\"><\/i><\/span>\n\t\t\t\t\t\t\t\t<span class=\"elementor-toggle-icon-opened\"><i class=\"elementor-toggle-icon-opened fas fa-caret-up\"><\/i><\/span>\n\t\t\t\t\t\t\t\t\t\t\t\t\t<\/span>\n\t\t\t\t\t\t\t\t\t\t\t\t<a class=\"elementor-toggle-title\" tabindex=\"0\">Auxiliar de familia especializado en cuidados de personas con discapacidad <\/a>\n\t\t\t\t\t<\/div>\n\n\t\t\t\t\t<div id=\"elementor-tab-content-2649\" class=\"elementor-tab-content elementor-clearfix\" data-tab=\"9\" role=\"region\" aria-labelledby=\"elementor-tab-title-2649\"><p><span style=\"color: #333333;\">Este curso de Formaci\u00f3n Profesional te prepara para brindar apoyo socio sanitario a personas con discapacidad, promoviendo su autonom\u00eda, bienestar y calidad de vida. Estar\u00e1s capacitado para asistir en actividades cotidianas, recreativas y de cuidado integral, trabajando en conjunto con la familia y respetando sus derechos, necesidades y contexto sociocultural. Tambi\u00e9n podr\u00e1s garantizar la calidad de la atenci\u00f3n en lo f\u00edsico, ps\u00edquico y social, acompa\u00f1ando en tareas como higiene, alimentaci\u00f3n, desarrollo personal, seguimiento m\u00e9dico y tr\u00e1mites relacionados.<\/span><\/p><p><a href=\"https:\/\/cfl401chascomus.com.ar\/acfl\/login.php\"><img decoding=\"async\" class=\"alignnone wp-image-2720 size-medium\" src=\"https:\/\/cfl401chascomus.com.ar\/wp-content\/uploads\/2026\/02\/INGRESO_AL_SISTEMA_PARA_PREINSCRIBIRTE-removebg-preview-300x88.png\" alt=\"\" width=\"300\" height=\"88\" srcset=\"https:\/\/cfl401chascomus.com.ar\/wp-content\/uploads\/2026\/02\/INGRESO_AL_SISTEMA_PARA_PREINSCRIBIRTE-removebg-preview-300x88.png 300w, https:\/\/cfl401chascomus.com.ar\/wp-content\/uploads\/2026\/02\/INGRESO_AL_SISTEMA_PARA_PREINSCRIBIRTE-removebg-preview.png 510w\" sizes=\"(max-width: 300px) 100vw, 300px\" \/><\/a><\/p><p>Inicia en Marzo 2026 y Finaliza en Diciembre 2026<\/p><\/div>\n\t\t\t\t<\/div>\n\t\t\t\t\t\t\t<div class=\"elementor-toggle-item\">\n\t\t\t\t\t<div id=\"elementor-tab-title-26410\" class=\"elementor-tab-title\" data-tab=\"10\" role=\"button\" aria-controls=\"elementor-tab-content-26410\" aria-expanded=\"false\">\n\t\t\t\t\t\t\t\t\t\t\t\t<span class=\"elementor-toggle-icon elementor-toggle-icon-left\" aria-hidden=\"true\">\n\t\t\t\t\t\t\t\t\t\t\t\t\t\t\t<span class=\"elementor-toggle-icon-closed\"><i class=\"fas fa-caret-right\"><\/i><\/span>\n\t\t\t\t\t\t\t\t<span class=\"elementor-toggle-icon-opened\"><i class=\"elementor-toggle-icon-opened fas fa-caret-up\"><\/i><\/span>\n\t\t\t\t\t\t\t\t\t\t\t\t\t<\/span>\n\t\t\t\t\t\t\t\t\t\t\t\t<a class=\"elementor-toggle-title\" tabindex=\"0\">Especializaci\u00f3n profesional en bioinsumos agr\u00edcolas <\/a>\n\t\t\t\t\t<\/div>\n\n\t\t\t\t\t<div id=\"elementor-tab-content-26410\" class=\"elementor-tab-content elementor-clearfix\" data-tab=\"10\" role=\"region\" aria-labelledby=\"elementor-tab-title-26410\"><p><span style=\"color: #333333;\">Capacita para la producci\u00f3n, uso y aplicaci\u00f3n de bioinsumos (biofertilizantes, biocontroladores). Est\u00e1 orientada a la transici\u00f3n agroecol\u00f3gica, la sustentabilidad y la producci\u00f3n de alimentos inocuos, capacitado para trabajar tanto en biof\u00e1bricas como en quintas.<span class=\"uJ19be notranslate\" data-wiz-uids=\"lIGFRc_e,lIGFRc_f\"><span class=\"vKEkVd\" data-animation-atomic=\"\" data-wiz-attrbind=\"class=lIGFRc_d\/TKHnVd\"><span aria-hidden=\"true\">\u00a0<\/span><\/span><\/span><\/span><\/p><p><a href=\"https:\/\/cfl401chascomus.com.ar\/acfl\/login.php\"><img decoding=\"async\" class=\"alignnone wp-image-2720 size-medium\" src=\"https:\/\/cfl401chascomus.com.ar\/wp-content\/uploads\/2026\/02\/INGRESO_AL_SISTEMA_PARA_PREINSCRIBIRTE-removebg-preview-300x88.png\" alt=\"\" width=\"300\" height=\"88\" srcset=\"https:\/\/cfl401chascomus.com.ar\/wp-content\/uploads\/2026\/02\/INGRESO_AL_SISTEMA_PARA_PREINSCRIBIRTE-removebg-preview-300x88.png 300w, https:\/\/cfl401chascomus.com.ar\/wp-content\/uploads\/2026\/02\/INGRESO_AL_SISTEMA_PARA_PREINSCRIBIRTE-removebg-preview.png 510w\" sizes=\"(max-width: 300px) 100vw, 300px\" \/><\/a><\/p><p>Inicia en Marzo 2026 y Finaliza en Septiembre 2026<\/p><\/div>\n\t\t\t\t<\/div>\n\t\t\t\t\t\t\t<div class=\"elementor-toggle-item\">\n\t\t\t\t\t<div id=\"elementor-tab-title-26411\" class=\"elementor-tab-title\" data-tab=\"11\" role=\"button\" aria-controls=\"elementor-tab-content-26411\" aria-expanded=\"false\">\n\t\t\t\t\t\t\t\t\t\t\t\t<span class=\"elementor-toggle-icon elementor-toggle-icon-left\" aria-hidden=\"true\">\n\t\t\t\t\t\t\t\t\t\t\t\t\t\t\t<span class=\"elementor-toggle-icon-closed\"><i class=\"fas fa-caret-right\"><\/i><\/span>\n\t\t\t\t\t\t\t\t<span class=\"elementor-toggle-icon-opened\"><i class=\"elementor-toggle-icon-opened fas fa-caret-up\"><\/i><\/span>\n\t\t\t\t\t\t\t\t\t\t\t\t\t<\/span>\n\t\t\t\t\t\t\t\t\t\t\t\t<a class=\"elementor-toggle-title\" tabindex=\"0\">Capacitaci\u00f3n en Lengua de Se\u00f1as<\/a>\n\t\t\t\t\t<\/div>\n\n\t\t\t\t\t<div id=\"elementor-tab-content-26411\" class=\"elementor-tab-content elementor-clearfix\" data-tab=\"11\" role=\"region\" aria-labelledby=\"elementor-tab-title-26411\"><p style=\"text-align: justify;\"><span style=\"color: #333333;\">Promover la inclusi\u00f3n dentro de la sociedad, proteger identidad ling\u00fc\u00edstica y diversidad.<\/span><\/p><h6><span style=\"color: #666699;\"><strong>\u00a0 \u00a0 \u00a01\u00b0 Cohorte &#8211; Capacitaci\u00f3n en lengua de se\u00f1as <\/strong><\/span><\/h6><p><img decoding=\"async\" class=\"alignnone wp-image-1500 size-medium\" src=\"https:\/\/cfl401chascomus.com.ar\/wp-content\/uploads\/2023\/03\/pre-inscripcionCOMPLETO-removebg-preview-300x89.png\" alt=\"\" width=\"300\" height=\"89\" srcset=\"https:\/\/cfl401chascomus.com.ar\/wp-content\/uploads\/2023\/03\/pre-inscripcionCOMPLETO-removebg-preview-300x89.png 300w, https:\/\/cfl401chascomus.com.ar\/wp-content\/uploads\/2023\/03\/pre-inscripcionCOMPLETO-removebg-preview.png 677w\" sizes=\"(max-width: 300px) 100vw, 300px\" \/><\/p><p>Inicia en Marzo 2026 y Finaliza en Mayo de 2026<\/p><hr style=\"border: 0; height: 1px; background-color: #000;\" \/><h6><span style=\"color: #666699;\"><strong>\u00a0 \u00a0 <\/strong><\/span><\/h6><h6><span style=\"color: #666699;\"><strong>\u00a02\u00b0 Cohorte &#8211;<\/strong><\/span><span style=\"color: #666699;\"><strong>Capacitaci\u00f3n en lengua de se\u00f1as<\/strong><\/span><\/h6><p><a href=\"https:\/\/cfl401chascomus.com.ar\/wp-content\/uploads\/2025\/02\/Cartel-Aviso-Cerrado-Doodle-Blanco-y-Azul-1.png\"><img decoding=\"async\" class=\"alignnone wp-image-2720 size-medium\" src=\"https:\/\/cfl401chascomus.com.ar\/wp-content\/uploads\/2026\/02\/INGRESO_AL_SISTEMA_PARA_PREINSCRIBIRTE-removebg-preview-300x88.png\" alt=\"\" width=\"300\" height=\"88\" srcset=\"https:\/\/cfl401chascomus.com.ar\/wp-content\/uploads\/2026\/02\/INGRESO_AL_SISTEMA_PARA_PREINSCRIBIRTE-removebg-preview-300x88.png 300w, https:\/\/cfl401chascomus.com.ar\/wp-content\/uploads\/2026\/02\/INGRESO_AL_SISTEMA_PARA_PREINSCRIBIRTE-removebg-preview.png 510w\" sizes=\"(max-width: 300px) 100vw, 300px\" \/><\/a><\/p><p>Inicia en Agosto 2026 y Finaliza en Octubre de 2026<\/p><\/div>\n\t\t\t\t<\/div>\n\t\t\t\t\t\t\t<div class=\"elementor-toggle-item\">\n\t\t\t\t\t<div id=\"elementor-tab-title-26412\" class=\"elementor-tab-title\" data-tab=\"12\" role=\"button\" aria-controls=\"elementor-tab-content-26412\" aria-expanded=\"false\">\n\t\t\t\t\t\t\t\t\t\t\t\t<span class=\"elementor-toggle-icon elementor-toggle-icon-left\" aria-hidden=\"true\">\n\t\t\t\t\t\t\t\t\t\t\t\t\t\t\t<span class=\"elementor-toggle-icon-closed\"><i class=\"fas fa-caret-right\"><\/i><\/span>\n\t\t\t\t\t\t\t\t<span class=\"elementor-toggle-icon-opened\"><i class=\"elementor-toggle-icon-opened fas fa-caret-up\"><\/i><\/span>\n\t\t\t\t\t\t\t\t\t\t\t\t\t<\/span>\n\t\t\t\t\t\t\t\t\t\t\t\t<a class=\"elementor-toggle-title\" tabindex=\"0\">Recreaci\u00f3n de grupos <\/a>\n\t\t\t\t\t<\/div>\n\n\t\t\t\t\t<div id=\"elementor-tab-content-26412\" class=\"elementor-tab-content elementor-clearfix\" data-tab=\"12\" role=\"region\" aria-labelledby=\"elementor-tab-title-26412\"><p style=\"text-align: justify;\"><span style=\"color: #333333;\">Este curso capacita para planificar y coordinar actividades l\u00fadicas, recreativas y talleres en diversos contextos comunitarios e institucionales, con r\u00e1pida salida laboral, fomenta la integraci\u00f3n, el trabajo en equipo y la gesti\u00f3n de proyectos recreativos para diferentes edades. <\/span><\/p><p><a href=\"https:\/\/cfl401chascomus.com.ar\/acfl\/login.php\"><img decoding=\"async\" class=\"alignnone wp-image-2720 size-medium\" src=\"https:\/\/cfl401chascomus.com.ar\/wp-content\/uploads\/2026\/02\/INGRESO_AL_SISTEMA_PARA_PREINSCRIBIRTE-removebg-preview-300x88.png\" alt=\"\" width=\"300\" height=\"88\" srcset=\"https:\/\/cfl401chascomus.com.ar\/wp-content\/uploads\/2026\/02\/INGRESO_AL_SISTEMA_PARA_PREINSCRIBIRTE-removebg-preview-300x88.png 300w, https:\/\/cfl401chascomus.com.ar\/wp-content\/uploads\/2026\/02\/INGRESO_AL_SISTEMA_PARA_PREINSCRIBIRTE-removebg-preview.png 510w\" sizes=\"(max-width: 300px) 100vw, 300px\" \/><\/a><\/p><p>Inicia en Marzo 2026 y Finaliza en Septiembre 2026<\/p><\/div>\n\t\t\t\t<\/div>\n\t\t\t\t\t\t\t<div class=\"elementor-toggle-item\">\n\t\t\t\t\t<div id=\"elementor-tab-title-26413\" class=\"elementor-tab-title\" data-tab=\"13\" role=\"button\" aria-controls=\"elementor-tab-content-26413\" aria-expanded=\"false\">\n\t\t\t\t\t\t\t\t\t\t\t\t<span class=\"elementor-toggle-icon elementor-toggle-icon-left\" aria-hidden=\"true\">\n\t\t\t\t\t\t\t\t\t\t\t\t\t\t\t<span class=\"elementor-toggle-icon-closed\"><i class=\"fas fa-caret-right\"><\/i><\/span>\n\t\t\t\t\t\t\t\t<span class=\"elementor-toggle-icon-opened\"><i class=\"elementor-toggle-icon-opened fas fa-caret-up\"><\/i><\/span>\n\t\t\t\t\t\t\t\t\t\t\t\t\t<\/span>\n\t\t\t\t\t\t\t\t\t\t\t\t<a class=\"elementor-toggle-title\" tabindex=\"0\">Capacitaci\u00f3n en oratoria <\/a>\n\t\t\t\t\t<\/div>\n\n\t\t\t\t\t<div id=\"elementor-tab-content-26413\" class=\"elementor-tab-content elementor-clearfix\" data-tab=\"13\" role=\"region\" aria-labelledby=\"elementor-tab-title-26413\"><p><span style=\"color: #333333;\">Capacitaci\u00f3n en oratoria para mejorar la comunicaci\u00f3n, expresi\u00f3n oral, manejo del miedo esc\u00e9nico y t\u00e9cnicas de persuasi\u00f3n.<\/span><\/p><p><a href=\"https:\/\/cfl401chascomus.com.ar\/acfl\/login.php\"><img decoding=\"async\" class=\"alignnone wp-image-2720 size-medium\" src=\"https:\/\/cfl401chascomus.com.ar\/wp-content\/uploads\/2026\/02\/INGRESO_AL_SISTEMA_PARA_PREINSCRIBIRTE-removebg-preview-300x88.png\" alt=\"\" width=\"300\" height=\"88\" srcset=\"https:\/\/cfl401chascomus.com.ar\/wp-content\/uploads\/2026\/02\/INGRESO_AL_SISTEMA_PARA_PREINSCRIBIRTE-removebg-preview-300x88.png 300w, https:\/\/cfl401chascomus.com.ar\/wp-content\/uploads\/2026\/02\/INGRESO_AL_SISTEMA_PARA_PREINSCRIBIRTE-removebg-preview.png 510w\" sizes=\"(max-width: 300px) 100vw, 300px\" \/><\/a><\/p><p>Inicia en Marzo 2026 y Finaliza en\u00a0Junio 2026<\/p><\/div>\n\t\t\t\t<\/div>\n\t\t\t\t\t\t\t<div class=\"elementor-toggle-item\">\n\t\t\t\t\t<div id=\"elementor-tab-title-26414\" class=\"elementor-tab-title\" data-tab=\"14\" role=\"button\" aria-controls=\"elementor-tab-content-26414\" aria-expanded=\"false\">\n\t\t\t\t\t\t\t\t\t\t\t\t<span class=\"elementor-toggle-icon elementor-toggle-icon-left\" aria-hidden=\"true\">\n\t\t\t\t\t\t\t\t\t\t\t\t\t\t\t<span class=\"elementor-toggle-icon-closed\"><i class=\"fas fa-caret-right\"><\/i><\/span>\n\t\t\t\t\t\t\t\t<span class=\"elementor-toggle-icon-opened\"><i class=\"elementor-toggle-icon-opened fas fa-caret-up\"><\/i><\/span>\n\t\t\t\t\t\t\t\t\t\t\t\t\t<\/span>\n\t\t\t\t\t\t\t\t\t\t\t\t<a class=\"elementor-toggle-title\" tabindex=\"0\">Limpieza Institucional<\/a>\n\t\t\t\t\t<\/div>\n\n\t\t\t\t\t<div id=\"elementor-tab-content-26414\" class=\"elementor-tab-content elementor-clearfix\" data-tab=\"14\" role=\"region\" aria-labelledby=\"elementor-tab-title-26414\"><p style=\"text-align: justify;\"><span style=\"color: #333333;\">La limpieza institucional es una tarea importante que requiere los productos adecuados para garantizar una higiene \u00f3ptima y mantener un ambiente saludable y seguro para las personas presentes.<\/span><\/p><hr style=\"border: 0; height: 1px; background-color: #000;\" \/><h6><span style=\"color: #666699;\"><strong>\u00a0 \u00a0 \u00a01\u00b0 Cohorte &#8211; Limpieza Institucional<\/strong><\/span><\/h6><p><a href=\"https:\/\/cfl401chascomus.com.ar\/wp-content\/uploads\/2025\/02\/Cartel-Aviso-Cerrado-Doodle-Blanco-y-Azul-1.png\"><img decoding=\"async\" class=\"alignnone wp-image-2720 size-medium\" src=\"https:\/\/cfl401chascomus.com.ar\/wp-content\/uploads\/2026\/02\/INGRESO_AL_SISTEMA_PARA_PREINSCRIBIRTE-removebg-preview-300x88.png\" alt=\"\" width=\"300\" height=\"88\" srcset=\"https:\/\/cfl401chascomus.com.ar\/wp-content\/uploads\/2026\/02\/INGRESO_AL_SISTEMA_PARA_PREINSCRIBIRTE-removebg-preview-300x88.png 300w, https:\/\/cfl401chascomus.com.ar\/wp-content\/uploads\/2026\/02\/INGRESO_AL_SISTEMA_PARA_PREINSCRIBIRTE-removebg-preview.png 510w\" sizes=\"(max-width: 300px) 100vw, 300px\" \/><\/a><\/p><p>Inicia en Mayo 2026 y Finaliza en Junio 2026<\/p><hr style=\"border: 0; height: 1px; background-color: #000;\" \/><h6><span style=\"color: #666699;\"><strong>\u00a0 \u00a0 \u00a02\u00b0 Cohorte &#8211; Limpieza Institucional<\/strong><\/span><\/h6><p><a href=\"https:\/\/cfl401chascomus.com.ar\/wp-content\/uploads\/2025\/02\/Cartel-Aviso-Cerrado-Doodle-Blanco-y-Azul-1.png\"><img decoding=\"async\" class=\"alignnone wp-image-2720 size-medium\" src=\"https:\/\/cfl401chascomus.com.ar\/wp-content\/uploads\/2026\/02\/INGRESO_AL_SISTEMA_PARA_PREINSCRIBIRTE-removebg-preview-300x88.png\" alt=\"\" width=\"300\" height=\"88\" srcset=\"https:\/\/cfl401chascomus.com.ar\/wp-content\/uploads\/2026\/02\/INGRESO_AL_SISTEMA_PARA_PREINSCRIBIRTE-removebg-preview-300x88.png 300w, https:\/\/cfl401chascomus.com.ar\/wp-content\/uploads\/2026\/02\/INGRESO_AL_SISTEMA_PARA_PREINSCRIBIRTE-removebg-preview.png 510w\" sizes=\"(max-width: 300px) 100vw, 300px\" \/><\/a><\/p><p>Inicia en Septiembre 2026 y Finaliza en Diciembre 2026<\/p><\/div>\n\t\t\t\t<\/div>\n\t\t\t\t\t\t\t<div class=\"elementor-toggle-item\">\n\t\t\t\t\t<div id=\"elementor-tab-title-26415\" class=\"elementor-tab-title\" data-tab=\"15\" role=\"button\" aria-controls=\"elementor-tab-content-26415\" aria-expanded=\"false\">\n\t\t\t\t\t\t\t\t\t\t\t\t<span class=\"elementor-toggle-icon elementor-toggle-icon-left\" aria-hidden=\"true\">\n\t\t\t\t\t\t\t\t\t\t\t\t\t\t\t<span class=\"elementor-toggle-icon-closed\"><i class=\"fas fa-caret-right\"><\/i><\/span>\n\t\t\t\t\t\t\t\t<span class=\"elementor-toggle-icon-opened\"><i class=\"elementor-toggle-icon-opened fas fa-caret-up\"><\/i><\/span>\n\t\t\t\t\t\t\t\t\t\t\t\t\t<\/span>\n\t\t\t\t\t\t\t\t\t\t\t\t<a class=\"elementor-toggle-title\" tabindex=\"0\">Relaciones laborales y g\u00e9nero<\/a>\n\t\t\t\t\t<\/div>\n\n\t\t\t\t\t<div id=\"elementor-tab-content-26415\" class=\"elementor-tab-content elementor-clearfix\" data-tab=\"15\" role=\"region\" aria-labelledby=\"elementor-tab-title-26415\"><p style=\"text-align: justify;\"><span style=\"color: #333333;\">Brindar herramientas conceptuales, t\u00e9cnicas y habilidades comunicativas\u00a0 de la Perspectiva de G\u00e9nero para aplicar en el\u00a0 ecosistema laboral con el fin de reducir y suprimir la discriminaci\u00f3n y la violencia por motivos de g\u00e9nero.<\/span><span style=\"color: #666699;\"><strong>\u00a0<\/strong><\/span><\/p><p><a href=\"https:\/\/cfl401chascomus.com.ar\/acfl\/login.php\"><img decoding=\"async\" class=\"alignnone wp-image-2720 size-medium\" src=\"https:\/\/cfl401chascomus.com.ar\/wp-content\/uploads\/2026\/02\/INGRESO_AL_SISTEMA_PARA_PREINSCRIBIRTE-removebg-preview-300x88.png\" alt=\"\" width=\"300\" height=\"88\" srcset=\"https:\/\/cfl401chascomus.com.ar\/wp-content\/uploads\/2026\/02\/INGRESO_AL_SISTEMA_PARA_PREINSCRIBIRTE-removebg-preview-300x88.png 300w, https:\/\/cfl401chascomus.com.ar\/wp-content\/uploads\/2026\/02\/INGRESO_AL_SISTEMA_PARA_PREINSCRIBIRTE-removebg-preview.png 510w\" sizes=\"(max-width: 300px) 100vw, 300px\" \/><\/a><\/p><p>Inicia en Mayo 2026<\/p><\/div>\n\t\t\t\t<\/div>\n\t\t\t\t\t\t\t<div class=\"elementor-toggle-item\">\n\t\t\t\t\t<div id=\"elementor-tab-title-26416\" class=\"elementor-tab-title\" data-tab=\"16\" role=\"button\" aria-controls=\"elementor-tab-content-26416\" aria-expanded=\"false\">\n\t\t\t\t\t\t\t\t\t\t\t\t<span class=\"elementor-toggle-icon elementor-toggle-icon-left\" aria-hidden=\"true\">\n\t\t\t\t\t\t\t\t\t\t\t\t\t\t\t<span class=\"elementor-toggle-icon-closed\"><i class=\"fas fa-caret-right\"><\/i><\/span>\n\t\t\t\t\t\t\t\t<span class=\"elementor-toggle-icon-opened\"><i class=\"elementor-toggle-icon-opened fas fa-caret-up\"><\/i><\/span>\n\t\t\t\t\t\t\t\t\t\t\t\t\t<\/span>\n\t\t\t\t\t\t\t\t\t\t\t\t<a class=\"elementor-toggle-title\" tabindex=\"0\">Operador\/a sociocomunitario\/a <\/a>\n\t\t\t\t\t<\/div>\n\n\t\t\t\t\t<div id=\"elementor-tab-content-26416\" class=\"elementor-tab-content elementor-clearfix\" data-tab=\"16\" role=\"region\" aria-labelledby=\"elementor-tab-title-26416\"><p><span style=\"color: #333333;\">Te capacita para intervenir en situaciones de vulnerabilidad social, promoviendo el bienestar y la inclusi\u00f3n. Se brindan herramientas te\u00f3ricas y pr\u00e1cticas para realizar apoyo comunitario, prevenci\u00f3n, y acompa\u00f1amiento territorial, con alta demanda en adicciones y desarrollo social. <\/span><\/p><p><a href=\"https:\/\/cfl401chascomus.com.ar\/wp-content\/uploads\/2025\/02\/Cartel-Aviso-Cerrado-Doodle-Blanco-y-Azul-1.png\"><img decoding=\"async\" class=\"alignnone wp-image-2720 size-medium\" src=\"https:\/\/cfl401chascomus.com.ar\/wp-content\/uploads\/2026\/02\/INGRESO_AL_SISTEMA_PARA_PREINSCRIBIRTE-removebg-preview-300x88.png\" alt=\"\" width=\"300\" height=\"88\" srcset=\"https:\/\/cfl401chascomus.com.ar\/wp-content\/uploads\/2026\/02\/INGRESO_AL_SISTEMA_PARA_PREINSCRIBIRTE-removebg-preview-300x88.png 300w, https:\/\/cfl401chascomus.com.ar\/wp-content\/uploads\/2026\/02\/INGRESO_AL_SISTEMA_PARA_PREINSCRIBIRTE-removebg-preview.png 510w\" sizes=\"(max-width: 300px) 100vw, 300px\" \/><\/a><\/p><p>Inicia en Junio 2026 y finaliza en Diciembre de 2026<\/p><\/div>\n\t\t\t\t<\/div>\n\t\t\t\t\t\t\t<div class=\"elementor-toggle-item\">\n\t\t\t\t\t<div id=\"elementor-tab-title-26417\" class=\"elementor-tab-title\" data-tab=\"17\" role=\"button\" aria-controls=\"elementor-tab-content-26417\" aria-expanded=\"false\">\n\t\t\t\t\t\t\t\t\t\t\t\t<span class=\"elementor-toggle-icon elementor-toggle-icon-left\" aria-hidden=\"true\">\n\t\t\t\t\t\t\t\t\t\t\t\t\t\t\t<span class=\"elementor-toggle-icon-closed\"><i class=\"fas fa-caret-right\"><\/i><\/span>\n\t\t\t\t\t\t\t\t<span class=\"elementor-toggle-icon-opened\"><i class=\"elementor-toggle-icon-opened fas fa-caret-up\"><\/i><\/span>\n\t\t\t\t\t\t\t\t\t\t\t\t\t<\/span>\n\t\t\t\t\t\t\t\t\t\t\t\t<a class=\"elementor-toggle-title\" tabindex=\"0\">Operadora\/or en elaboraci\u00f3n de conservas de frutas y hortalizas <\/a>\n\t\t\t\t\t<\/div>\n\n\t\t\t\t\t<div id=\"elementor-tab-content-26417\" class=\"elementor-tab-content elementor-clearfix\" data-tab=\"17\" role=\"region\" aria-labelledby=\"elementor-tab-title-26417\"><p><span style=\"color: #333333;\">Te capacita para producir, envasar y preservar productos hortofrut\u00edcolas, cumpliendo normas de seguridad e higiene. Los egresados trabajan en el \u00e1rea de producci\u00f3n de empresas alimenticias, aplicando t\u00e9cnicas de conservaci\u00f3n como esterilizado y encurtido. <\/span><\/p><p><a href=\"https:\/\/cfl401chascomus.com.ar\/wp-content\/uploads\/2025\/02\/Cartel-Aviso-Cerrado-Doodle-Blanco-y-Azul-1.png\"><img decoding=\"async\" class=\"alignnone wp-image-2720 size-medium\" src=\"https:\/\/cfl401chascomus.com.ar\/wp-content\/uploads\/2026\/02\/INGRESO_AL_SISTEMA_PARA_PREINSCRIBIRTE-removebg-preview-300x88.png\" alt=\"\" width=\"300\" height=\"88\" srcset=\"https:\/\/cfl401chascomus.com.ar\/wp-content\/uploads\/2026\/02\/INGRESO_AL_SISTEMA_PARA_PREINSCRIBIRTE-removebg-preview-300x88.png 300w, https:\/\/cfl401chascomus.com.ar\/wp-content\/uploads\/2026\/02\/INGRESO_AL_SISTEMA_PARA_PREINSCRIBIRTE-removebg-preview.png 510w\" sizes=\"(max-width: 300px) 100vw, 300px\" \/><\/a><\/p><p>Inicia en Junio 2026 y finaliza en Diciembre de 2026<\/p><\/div>\n\t\t\t\t<\/div>\n\t\t\t\t\t\t\t<div class=\"elementor-toggle-item\">\n\t\t\t\t\t<div id=\"elementor-tab-title-26418\" class=\"elementor-tab-title\" data-tab=\"18\" role=\"button\" aria-controls=\"elementor-tab-content-26418\" aria-expanded=\"false\">\n\t\t\t\t\t\t\t\t\t\t\t\t<span class=\"elementor-toggle-icon elementor-toggle-icon-left\" aria-hidden=\"true\">\n\t\t\t\t\t\t\t\t\t\t\t\t\t\t\t<span class=\"elementor-toggle-icon-closed\"><i class=\"fas fa-caret-right\"><\/i><\/span>\n\t\t\t\t\t\t\t\t<span class=\"elementor-toggle-icon-opened\"><i class=\"elementor-toggle-icon-opened fas fa-caret-up\"><\/i><\/span>\n\t\t\t\t\t\t\t\t\t\t\t\t\t<\/span>\n\t\t\t\t\t\t\t\t\t\t\t\t<a class=\"elementor-toggle-title\" tabindex=\"0\">Operadora\/or en elaboraci\u00f3n de conservas c\u00e1rnicas, chacinados y salazones <\/a>\n\t\t\t\t\t<\/div>\n\n\t\t\t\t\t<div id=\"elementor-tab-content-26418\" class=\"elementor-tab-content elementor-clearfix\" data-tab=\"18\" role=\"region\" aria-labelledby=\"elementor-tab-title-26418\"><p style=\"text-align: justify;\"><span style=\"color: #333333;\">Te capacita para planificar, elaborar y supervisar la producci\u00f3n artesanal e industrial de alimentos derivados de la carne. Incluye el manejo seguro de materias primas, Buenas Pr\u00e1cticas de Manufactura (BPM), embutido, cocci\u00f3n y m\u00e9todos de conservaci\u00f3n. <\/span><\/p><p><a href=\"https:\/\/cfl401chascomus.com.ar\/wp-content\/uploads\/2025\/02\/Cartel-Aviso-Cerrado-Doodle-Blanco-y-Azul-1.png\"><img decoding=\"async\" class=\"alignnone wp-image-2720 size-medium\" src=\"https:\/\/cfl401chascomus.com.ar\/wp-content\/uploads\/2026\/02\/INGRESO_AL_SISTEMA_PARA_PREINSCRIBIRTE-removebg-preview-300x88.png\" alt=\"\" width=\"300\" height=\"88\" srcset=\"https:\/\/cfl401chascomus.com.ar\/wp-content\/uploads\/2026\/02\/INGRESO_AL_SISTEMA_PARA_PREINSCRIBIRTE-removebg-preview-300x88.png 300w, https:\/\/cfl401chascomus.com.ar\/wp-content\/uploads\/2026\/02\/INGRESO_AL_SISTEMA_PARA_PREINSCRIBIRTE-removebg-preview.png 510w\" sizes=\"(max-width: 300px) 100vw, 300px\" \/><\/a><\/p><p>Inicia en Junio 2026 y finaliza en Diciembre de 2026<\/p><\/div>\n\t\t\t\t<\/div>\n\t\t\t\t\t\t\t<div class=\"elementor-toggle-item\">\n\t\t\t\t\t<div id=\"elementor-tab-title-26419\" class=\"elementor-tab-title\" data-tab=\"19\" role=\"button\" aria-controls=\"elementor-tab-content-26419\" aria-expanded=\"false\">\n\t\t\t\t\t\t\t\t\t\t\t\t<span class=\"elementor-toggle-icon elementor-toggle-icon-left\" aria-hidden=\"true\">\n\t\t\t\t\t\t\t\t\t\t\t\t\t\t\t<span class=\"elementor-toggle-icon-closed\"><i class=\"fas fa-caret-right\"><\/i><\/span>\n\t\t\t\t\t\t\t\t<span class=\"elementor-toggle-icon-opened\"><i class=\"elementor-toggle-icon-opened fas fa-caret-up\"><\/i><\/span>\n\t\t\t\t\t\t\t\t\t\t\t\t\t<\/span>\n\t\t\t\t\t\t\t\t\t\t\t\t<a class=\"elementor-toggle-title\" tabindex=\"0\">Revisaci\u00f3n y terminaci\u00f3n de prendas <\/a>\n\t\t\t\t\t<\/div>\n\n\t\t\t\t\t<div id=\"elementor-tab-content-26419\" class=\"elementor-tab-content elementor-clearfix\" data-tab=\"19\" role=\"region\" aria-labelledby=\"elementor-tab-title-26419\"><p style=\"text-align: justify;\"><span style=\"color: #333333;\">La revisaci\u00f3n y terminaci\u00f3n de prendas abarca el control de calidad final, deshebrado, planchado y verificaci\u00f3n de costuras (recta, overlock, collareta) para asegurar la calidad del producto. Se capacita para identificar defectos, realizar el acabado final y preparar la prenda para su comercializaci\u00f3n. <\/span><\/p><p><a href=\"https:\/\/cfl401chascomus.com.ar\/wp-content\/uploads\/2025\/02\/Cartel-Aviso-Cerrado-Doodle-Blanco-y-Azul-1.png\"><img decoding=\"async\" class=\"alignnone wp-image-2720 size-medium\" src=\"https:\/\/cfl401chascomus.com.ar\/wp-content\/uploads\/2026\/02\/INGRESO_AL_SISTEMA_PARA_PREINSCRIBIRTE-removebg-preview-300x88.png\" alt=\"\" width=\"300\" height=\"88\" srcset=\"https:\/\/cfl401chascomus.com.ar\/wp-content\/uploads\/2026\/02\/INGRESO_AL_SISTEMA_PARA_PREINSCRIBIRTE-removebg-preview-300x88.png 300w, https:\/\/cfl401chascomus.com.ar\/wp-content\/uploads\/2026\/02\/INGRESO_AL_SISTEMA_PARA_PREINSCRIBIRTE-removebg-preview.png 510w\" sizes=\"(max-width: 300px) 100vw, 300px\" \/><\/a><\/p><p>Inicia en Junio 2026 y finaliza en Diciembre de 2026<\/p><\/div>\n\t\t\t\t<\/div>\n\t\t\t\t\t\t\t<div class=\"elementor-toggle-item\">\n\t\t\t\t\t<div id=\"elementor-tab-title-26420\" class=\"elementor-tab-title\" data-tab=\"20\" role=\"button\" aria-controls=\"elementor-tab-content-26420\" aria-expanded=\"false\">\n\t\t\t\t\t\t\t\t\t\t\t\t<span class=\"elementor-toggle-icon elementor-toggle-icon-left\" aria-hidden=\"true\">\n\t\t\t\t\t\t\t\t\t\t\t\t\t\t\t<span class=\"elementor-toggle-icon-closed\"><i class=\"fas fa-caret-right\"><\/i><\/span>\n\t\t\t\t\t\t\t\t<span class=\"elementor-toggle-icon-opened\"><i class=\"elementor-toggle-icon-opened fas fa-caret-up\"><\/i><\/span>\n\t\t\t\t\t\t\t\t\t\t\t\t\t<\/span>\n\t\t\t\t\t\t\t\t\t\t\t\t<a class=\"elementor-toggle-title\" tabindex=\"0\">Ingl\u00e9s para turismo nivel 1<\/a>\n\t\t\t\t\t<\/div>\n\n\t\t\t\t\t<div id=\"elementor-tab-content-26420\" class=\"elementor-tab-content elementor-clearfix\" data-tab=\"20\" role=\"region\" aria-labelledby=\"elementor-tab-title-26420\"><p style=\"text-align: justify;\"><span style=\"color: #333333;\">Se trata de un curso con gram\u00e1tica, vocabulario y expresiones espec\u00edficas utilizadas en la industria del turismo y la hoteler\u00eda. Se trabajan temas relacionados al aeropuerto, viajes, destinos tur\u00edsticos, a la vez que se incorporan estructuras gramaticales formales.<\/span><\/p><p><a href=\"https:\/\/cfl401chascomus.com.ar\/wp-content\/uploads\/2025\/02\/Cartel-Aviso-Cerrado-Doodle-Blanco-y-Azul-1.png\"><img decoding=\"async\" class=\"alignnone wp-image-2720 size-medium\" src=\"https:\/\/cfl401chascomus.com.ar\/wp-content\/uploads\/2026\/02\/INGRESO_AL_SISTEMA_PARA_PREINSCRIBIRTE-removebg-preview-300x88.png\" alt=\"\" width=\"300\" height=\"88\" srcset=\"https:\/\/cfl401chascomus.com.ar\/wp-content\/uploads\/2026\/02\/INGRESO_AL_SISTEMA_PARA_PREINSCRIBIRTE-removebg-preview-300x88.png 300w, https:\/\/cfl401chascomus.com.ar\/wp-content\/uploads\/2026\/02\/INGRESO_AL_SISTEMA_PARA_PREINSCRIBIRTE-removebg-preview.png 510w\" sizes=\"(max-width: 300px) 100vw, 300px\" \/><\/a><\/p><p>Inicia en Agosto 2026 y finaliza en Diciembre de 2026<\/p><\/div>\n\t\t\t\t<\/div>\n\t\t\t\t\t\t\t<div class=\"elementor-toggle-item\">\n\t\t\t\t\t<div id=\"elementor-tab-title-26421\" class=\"elementor-tab-title\" data-tab=\"21\" role=\"button\" aria-controls=\"elementor-tab-content-26421\" aria-expanded=\"false\">\n\t\t\t\t\t\t\t\t\t\t\t\t<span class=\"elementor-toggle-icon elementor-toggle-icon-left\" aria-hidden=\"true\">\n\t\t\t\t\t\t\t\t\t\t\t\t\t\t\t<span class=\"elementor-toggle-icon-closed\"><i class=\"fas fa-caret-right\"><\/i><\/span>\n\t\t\t\t\t\t\t\t<span class=\"elementor-toggle-icon-opened\"><i class=\"elementor-toggle-icon-opened fas fa-caret-up\"><\/i><\/span>\n\t\t\t\t\t\t\t\t\t\t\t\t\t<\/span>\n\t\t\t\t\t\t\t\t\t\t\t\t<a class=\"elementor-toggle-title\" tabindex=\"0\">Formaci\u00f3n de acompa\u00f1antes en el abordaje de las violencias por razones de g\u00e9nero<\/a>\n\t\t\t\t\t<\/div>\n\n\t\t\t\t\t<div id=\"elementor-tab-content-26421\" class=\"elementor-tab-content elementor-clearfix\" data-tab=\"21\" role=\"region\" aria-labelledby=\"elementor-tab-title-26421\"><p style=\"text-align: justify;\"><span style=\"color: #333333;\">Incorporar la perspectiva de g\u00e9nero en las pr\u00e1cticas habituales de los equipos y brindar herramientas conceptuales para enriquecer sus intervenciones vinculadas a la prevenci\u00f3n, la detecci\u00f3n y el abordaje integral de las situaciones de violencias por razones de g\u00e9nero.<\/span><\/p><p><img fetchpriority=\"high\" decoding=\"async\" class=\"alignnone wp-image-2189 size-medium\" src=\"https:\/\/cfl401chascomus.com.ar\/wp-content\/uploads\/2025\/02\/Cartel-Aviso-Cerrado-Doodle-Blanco-y-Azul-1-212x300.png\" alt=\"\" width=\"212\" height=\"300\" srcset=\"https:\/\/cfl401chascomus.com.ar\/wp-content\/uploads\/2025\/02\/Cartel-Aviso-Cerrado-Doodle-Blanco-y-Azul-1-212x300.png 212w, https:\/\/cfl401chascomus.com.ar\/wp-content\/uploads\/2025\/02\/Cartel-Aviso-Cerrado-Doodle-Blanco-y-Azul-1-724x1024.png 724w, https:\/\/cfl401chascomus.com.ar\/wp-content\/uploads\/2025\/02\/Cartel-Aviso-Cerrado-Doodle-Blanco-y-Azul-1-768x1086.png 768w, https:\/\/cfl401chascomus.com.ar\/wp-content\/uploads\/2025\/02\/Cartel-Aviso-Cerrado-Doodle-Blanco-y-Azul-1-1086x1536.png 1086w, https:\/\/cfl401chascomus.com.ar\/wp-content\/uploads\/2025\/02\/Cartel-Aviso-Cerrado-Doodle-Blanco-y-Azul-1-1448x2048.png 1448w, https:\/\/cfl401chascomus.com.ar\/wp-content\/uploads\/2025\/02\/Cartel-Aviso-Cerrado-Doodle-Blanco-y-Azul-1.png 1587w\" sizes=\"(max-width: 212px) 100vw, 212px\" \/><\/p><p>Inicia en Agosto 2026 y finaliza en Diciembre de 2026<\/p><\/div>\n\t\t\t\t<\/div>\n\t\t\t\t\t\t\t<div class=\"elementor-toggle-item\">\n\t\t\t\t\t<div id=\"elementor-tab-title-26422\" class=\"elementor-tab-title\" data-tab=\"22\" role=\"button\" aria-controls=\"elementor-tab-content-26422\" aria-expanded=\"false\">\n\t\t\t\t\t\t\t\t\t\t\t\t<span class=\"elementor-toggle-icon elementor-toggle-icon-left\" aria-hidden=\"true\">\n\t\t\t\t\t\t\t\t\t\t\t\t\t\t\t<span class=\"elementor-toggle-icon-closed\"><i class=\"fas fa-caret-right\"><\/i><\/span>\n\t\t\t\t\t\t\t\t<span class=\"elementor-toggle-icon-opened\"><i class=\"elementor-toggle-icon-opened fas fa-caret-up\"><\/i><\/span>\n\t\t\t\t\t\t\t\t\t\t\t\t\t<\/span>\n\t\t\t\t\t\t\t\t\t\t\t\t<a class=\"elementor-toggle-title\" tabindex=\"0\">Manipulador de Alimentos<\/a>\n\t\t\t\t\t<\/div>\n\n\t\t\t\t\t<div id=\"elementor-tab-content-26422\" class=\"elementor-tab-content elementor-clearfix\" data-tab=\"22\" role=\"region\" aria-labelledby=\"elementor-tab-title-26422\"><p style=\"text-align: justify;\"><span style=\"color: #333333;\">Este curso se dictar\u00e1 4 veces durante este 2026, la formaci\u00f3n que ofrecen este curso de manipulador de alimentos incluye: <b>Pautas para mantener una adecuada higiene alimentaria<\/b>. Las distintas clases de contaminantes y el peligro que los envuelve. Las distintas enfermedades que se pueden transmitir a trav\u00e9s de los alimentos. Toda persona que realice actividades por la cual est\u00e9 o pudiera estar en contacto con alimentos, en establecimientos donde se elaboren, fraccionen, almacenen, transporten, comercialicen y\/o enajenen alimentos, o sus materias primas, deben realizar este curso.<\/span><\/p><h6><a href=\"https:\/\/cfl401chascomus.com.ar\/wp-content\/uploads\/2025\/02\/Cartel-Aviso-Cerrado-Doodle-Blanco-y-Azul-1.png\"><img loading=\"lazy\" decoding=\"async\" class=\"alignnone wp-image-2720 size-medium\" style=\"font-size: 12px; font-style: inherit; font-weight: inherit; color: var( --e-global-color-astglobalcolor1 ); font-family: Arial, sans-serif; background-color: var(--ast-global-color-4);\" src=\"https:\/\/cfl401chascomus.com.ar\/wp-content\/uploads\/2026\/02\/INGRESO_AL_SISTEMA_PARA_PREINSCRIBIRTE-removebg-preview-300x88.png\" alt=\"\" width=\"300\" height=\"88\" srcset=\"https:\/\/cfl401chascomus.com.ar\/wp-content\/uploads\/2026\/02\/INGRESO_AL_SISTEMA_PARA_PREINSCRIBIRTE-removebg-preview-300x88.png 300w, https:\/\/cfl401chascomus.com.ar\/wp-content\/uploads\/2026\/02\/INGRESO_AL_SISTEMA_PARA_PREINSCRIBIRTE-removebg-preview.png 510w\" sizes=\"(max-width: 300px) 100vw, 300px\" \/><\/a><\/h6><p>Inicia en Septiembre de 2026<\/p><\/div>\n\t\t\t\t<\/div>\n\t\t\t\t\t\t\t<div class=\"elementor-toggle-item\">\n\t\t\t\t\t<div id=\"elementor-tab-title-26423\" class=\"elementor-tab-title\" data-tab=\"23\" role=\"button\" aria-controls=\"elementor-tab-content-26423\" aria-expanded=\"false\">\n\t\t\t\t\t\t\t\t\t\t\t\t<span class=\"elementor-toggle-icon elementor-toggle-icon-left\" aria-hidden=\"true\">\n\t\t\t\t\t\t\t\t\t\t\t\t\t\t\t<span class=\"elementor-toggle-icon-closed\"><i class=\"fas fa-caret-right\"><\/i><\/span>\n\t\t\t\t\t\t\t\t<span class=\"elementor-toggle-icon-opened\"><i class=\"elementor-toggle-icon-opened fas fa-caret-up\"><\/i><\/span>\n\t\t\t\t\t\t\t\t\t\t\t\t\t<\/span>\n\t\t\t\t\t\t\t\t\t\t\t\t<a class=\"elementor-toggle-title\" tabindex=\"0\">Lustrador\/a <\/a>\n\t\t\t\t\t<\/div>\n\n\t\t\t\t\t<div id=\"elementor-tab-content-26423\" class=\"elementor-tab-content elementor-clearfix\" data-tab=\"23\" role=\"region\" aria-labelledby=\"elementor-tab-title-26423\"><p style=\"text-align: justify;\"><span style=\"color: #333333;\"><em>Te capacita en t\u00e9cnicas de acabado y terminaci\u00f3n de muebles, abarcando preparaci\u00f3n de superficies, aplicaci\u00f3n de tintes, lacas y pulido final. Es una formaci\u00f3n laboral enfocada en la industria maderera y de carpinter\u00eda. <\/em><\/span><\/p><p><a href=\"https:\/\/cfl401chascomus.com.ar\/wp-content\/uploads\/2025\/02\/Cartel-Aviso-Cerrado-Doodle-Blanco-y-Azul-1.png\"><img decoding=\"async\" class=\"alignnone wp-image-2720 size-medium\" src=\"https:\/\/cfl401chascomus.com.ar\/wp-content\/uploads\/2026\/02\/INGRESO_AL_SISTEMA_PARA_PREINSCRIBIRTE-removebg-preview-300x88.png\" alt=\"\" width=\"300\" height=\"88\" srcset=\"https:\/\/cfl401chascomus.com.ar\/wp-content\/uploads\/2026\/02\/INGRESO_AL_SISTEMA_PARA_PREINSCRIBIRTE-removebg-preview-300x88.png 300w, https:\/\/cfl401chascomus.com.ar\/wp-content\/uploads\/2026\/02\/INGRESO_AL_SISTEMA_PARA_PREINSCRIBIRTE-removebg-preview.png 510w\" sizes=\"(max-width: 300px) 100vw, 300px\" \/><\/a><\/p><p>Inicia en Septiembre 2026 y finaliza en Diciembre de 2026<\/p><\/div>\n\t\t\t\t<\/div>\n\t\t\t\t\t\t\t<div class=\"elementor-toggle-item\">\n\t\t\t\t\t<div id=\"elementor-tab-title-26424\" class=\"elementor-tab-title\" data-tab=\"24\" role=\"button\" aria-controls=\"elementor-tab-content-26424\" aria-expanded=\"false\">\n\t\t\t\t\t\t\t\t\t\t\t\t<span class=\"elementor-toggle-icon elementor-toggle-icon-left\" aria-hidden=\"true\">\n\t\t\t\t\t\t\t\t\t\t\t\t\t\t\t<span class=\"elementor-toggle-icon-closed\"><i class=\"fas fa-caret-right\"><\/i><\/span>\n\t\t\t\t\t\t\t\t<span class=\"elementor-toggle-icon-opened\"><i class=\"elementor-toggle-icon-opened fas fa-caret-up\"><\/i><\/span>\n\t\t\t\t\t\t\t\t\t\t\t\t\t<\/span>\n\t\t\t\t\t\t\t\t\t\t\t\t<a class=\"elementor-toggle-title\" tabindex=\"0\">Orientaci\u00f3n profesional <\/a>\n\t\t\t\t\t<\/div>\n\n\t\t\t\t\t<div id=\"elementor-tab-content-26424\" class=\"elementor-tab-content elementor-clearfix\" data-tab=\"24\" role=\"region\" aria-labelledby=\"elementor-tab-title-26424\"><p style=\"text-align: justify;\"><span style=\"color: #333333;\"><em>Es una capacitaci\u00f3n que ayuda a j\u00f3venes y adultos a identificar sus habilidades, competencias y metas laborales para facilitar su inserci\u00f3n, reconversi\u00f3n o mejora en el mercado de trabajo. <\/em><\/span><\/p><p><a href=\"https:\/\/cfl401chascomus.com.ar\/wp-content\/uploads\/2025\/02\/Cartel-Aviso-Cerrado-Doodle-Blanco-y-Azul-1.png\"><img decoding=\"async\" class=\"alignnone wp-image-2720 size-medium\" src=\"https:\/\/cfl401chascomus.com.ar\/wp-content\/uploads\/2026\/02\/INGRESO_AL_SISTEMA_PARA_PREINSCRIBIRTE-removebg-preview-300x88.png\" alt=\"\" width=\"300\" height=\"88\" srcset=\"https:\/\/cfl401chascomus.com.ar\/wp-content\/uploads\/2026\/02\/INGRESO_AL_SISTEMA_PARA_PREINSCRIBIRTE-removebg-preview-300x88.png 300w, https:\/\/cfl401chascomus.com.ar\/wp-content\/uploads\/2026\/02\/INGRESO_AL_SISTEMA_PARA_PREINSCRIBIRTE-removebg-preview.png 510w\" sizes=\"(max-width: 300px) 100vw, 300px\" \/><\/a><\/p><p>Inicia en Septiembre 2026 y finaliza en Diciembre de 2026<\/p><\/div>\n\t\t\t\t<\/div>\n\t\t\t\t\t\t\t\t<\/div>\n\t\t\t\t\t\t<\/div>\n\t\t\t\t<\/div>\n\t\t\t\t\t<\/div>\n\t\t<\/div>\n\t\t\t\t\t<\/div>\n\t\t<\/section>\n\t\t\t\t<\/div>\n\t\t","protected":false},"excerpt":{"rendered":"<p>Nuestros Cursos Listados de nuestros cursos Cursos 2026 La pre-inscripci\u00f3n a los cursos.\u00a0 Se habilitar\u00e1 30 d\u00edas antes del inicio del mismo. Hac\u00e9 Click en el o los cursos que te interesan y pre-inscribite. Organizaci\u00f3n De Eventos En el curso se brindaran las herramientas para planificar y gestionar con \u00e9xito todo tipo de actos, ya [&hellip;]<\/p>\n","protected":false},"author":1,"featured_media":0,"parent":0,"menu_order":0,"comment_status":"closed","ping_status":"closed","template":"","meta":{"om_disable_all_campaigns":false,"_monsterinsights_skip_tracking":false,"_monsterinsights_sitenote_active":false,"_monsterinsights_sitenote_note":"","_monsterinsights_sitenote_category":0,"site-sidebar-layout":"no-sidebar","site-content-layout":"page-builder","ast-site-content-layout":"default","site-content-style":"default","site-sidebar-style":"default","ast-global-header-display":"","ast-banner-title-visibility":"","ast-main-header-display":"","ast-hfb-above-header-display":"","ast-hfb-below-header-display":"","ast-hfb-mobile-header-display":"","site-post-title":"","ast-breadcrumbs-content":"disabled","ast-featured-img":"disabled","footer-sml-layout":"","ast-disable-related-posts":"","theme-transparent-header-meta":"enabled","adv-header-id-meta":"","stick-header-meta":"","header-above-stick-meta":"","header-main-stick-meta":"","header-below-stick-meta":"","astra-migrate-meta-layouts":"default","ast-page-background-enabled":"default","ast-page-background-meta":{"desktop":{"background-color":"","background-image":"","background-repeat":"repeat","background-position":"center center","background-size":"auto","background-attachment":"scroll","background-type":"","background-media":"","overlay-type":"","overlay-color":"","overlay-opacity":"","overlay-gradient":""},"tablet":{"background-color":"","background-image":"","background-repeat":"repeat","background-position":"center center","background-size":"auto","background-attachment":"scroll","background-type":"","background-media":"","overlay-type":"","overlay-color":"","overlay-opacity":"","overlay-gradient":""},"mobile":{"background-color":"","background-image":"","background-repeat":"repeat","background-position":"center center","background-size":"auto","background-attachment":"scroll","background-type":"","background-media":"","overlay-type":"","overlay-color":"","overlay-opacity":"","overlay-gradient":""}},"ast-content-background-meta":{"desktop":{"background-color":"var(--ast-global-color-5)","background-image":"","background-repeat":"repeat","background-position":"center center","background-size":"auto","background-attachment":"scroll","background-type":"","background-media":"","overlay-type":"","overlay-color":"","overlay-opacity":"","overlay-gradient":""},"tablet":{"background-color":"var(--ast-global-color-5)","background-image":"","background-repeat":"repeat","background-position":"center center","background-size":"auto","background-attachment":"scroll","background-type":"","background-media":"","overlay-type":"","overlay-color":"","overlay-opacity":"","overlay-gradient":""},"mobile":{"background-color":"var(--ast-global-color-5)","background-image":"","background-repeat":"repeat","background-position":"center center","background-size":"auto","background-attachment":"scroll","background-type":"","background-media":"","overlay-type":"","overlay-color":"","overlay-opacity":"","overlay-gradient":""}},"_themeisle_gutenberg_block_has_review":false,"footnotes":""},"class_list":["post-476","page","type-page","status-publish","hentry"],"aioseo_notices":[],"_links":{"self":[{"href":"https:\/\/cfl401chascomus.com.ar\/index.php\/wp-json\/wp\/v2\/pages\/476","targetHints":{"allow":["GET"]}}],"collection":[{"href":"https:\/\/cfl401chascomus.com.ar\/index.php\/wp-json\/wp\/v2\/pages"}],"about":[{"href":"https:\/\/cfl401chascomus.com.ar\/index.php\/wp-json\/wp\/v2\/types\/page"}],"author":[{"embeddable":true,"href":"https:\/\/cfl401chascomus.com.ar\/index.php\/wp-json\/wp\/v2\/users\/1"}],"replies":[{"embeddable":true,"href":"https:\/\/cfl401chascomus.com.ar\/index.php\/wp-json\/wp\/v2\/comments?post=476"}],"version-history":[{"count":1296,"href":"https:\/\/cfl401chascomus.com.ar\/index.php\/wp-json\/wp\/v2\/pages\/476\/revisions"}],"predecessor-version":[{"id":2822,"href":"https:\/\/cfl401chascomus.com.ar\/index.php\/wp-json\/wp\/v2\/pages\/476\/revisions\/2822"}],"wp:attachment":[{"href":"https:\/\/cfl401chascomus.com.ar\/index.php\/wp-json\/wp\/v2\/media?parent=476"}],"curies":[{"name":"wp","href":"https:\/\/api.w.org\/{rel}","templated":true}]}}